{"id":32,"date":"2019-04-25T10:01:52","date_gmt":"2019-04-25T08:01:52","guid":{"rendered":"http:\/\/hirondelles-auruou.fr\/?page_id=32"},"modified":"2019-06-10T11:35:03","modified_gmt":"2019-06-10T09:35:03","slug":"sorties","status":"publish","type":"page","link":"https:\/\/hirondelles-auruou.fr\/?page_id=32","title":{"rendered":"Sorties"},"content":{"rendered":"\t\t<div data-elementor-type=\"wp-post\" data-elementor-id=\"32\" class=\"elementor elementor-32\">\n\t\t\t\t\t\t<section class=\"has_eae_slider elementor-section elementor-top-section elementor-element elementor-element-7b27c68 elementor-section-boxed elementor-section-height-default elementor-section-height-default\" data-eae-slider=\"59295\" data-id=\"7b27c68\" data-element_type=\"section\" data-e-type=\"section\">\n\t\t\t\t\t\t<div class=\"elementor-container elementor-column-gap-default\">\n\t\t\t\t\t<div class=\"has_eae_slider elementor-column elementor-col-100 elementor-top-column elementor-element elementor-element-2be06ef\" data-eae-slider=\"28950\" data-id=\"2be06ef\" data-element_type=\"column\" data-e-type=\"column\">\n\t\t\t<div class=\"elementor-widget-wrap elementor-element-populated\">\n\t\t\t\t\t\t<div class=\"elementor-element elementor-element-18d8d76 elementor-widget elementor-widget-shortcode\" data-id=\"18d8d76\" data-element_type=\"widget\" data-e-type=\"widget\" data-widget_type=\"shortcode.default\">\n\t\t\t\t<div class=\"elementor-widget-container\">\n\t\t\t\t\t\t\t<div class=\"elementor-shortcode\"><div class=\"pt-cv-wrapper\"><div class=\"pt-cv-view pt-cv-grid pt-cv-colsys\" id=\"pt-cv-view-da98069iz6\"><div data-id=\"pt-cv-page-1\" class=\"pt-cv-page\" data-cvc=\"4\"><div class=\"col-md-3 col-sm-6 col-xs-12 pt-cv-content-item pt-cv-1-col\" ><div class='pt-cv-ifield'><a href=\"https:\/\/hirondelles-auruou.fr\/?p=2534\" class=\"_self pt-cv-href-thumbnail pt-cv-thumb-default\" target=\"_self\" ><img fetchpriority=\"high\" decoding=\"async\" width=\"212\" height=\"300\" src=\"https:\/\/hirondelles-auruou.fr\/wp-content\/uploads\/2021\/03\/VOYAGE-PYRENEES-2021-212x300.jpg\" class=\"pt-cv-thumbnail\" alt=\"\" srcset=\"https:\/\/hirondelles-auruou.fr\/wp-content\/uploads\/2021\/03\/VOYAGE-PYRENEES-2021-212x300.jpg 212w, https:\/\/hirondelles-auruou.fr\/wp-content\/uploads\/2021\/03\/VOYAGE-PYRENEES-2021-724x1024.jpg 724w, https:\/\/hirondelles-auruou.fr\/wp-content\/uploads\/2021\/03\/VOYAGE-PYRENEES-2021-768x1086.jpg 768w, https:\/\/hirondelles-auruou.fr\/wp-content\/uploads\/2021\/03\/VOYAGE-PYRENEES-2021-543x768.jpg 543w, https:\/\/hirondelles-auruou.fr\/wp-content\/uploads\/2021\/03\/VOYAGE-PYRENEES-2021-1086x1536.jpg 1086w, https:\/\/hirondelles-auruou.fr\/wp-content\/uploads\/2021\/03\/VOYAGE-PYRENEES-2021-1448x2048.jpg 1448w, https:\/\/hirondelles-auruou.fr\/wp-content\/uploads\/2021\/03\/VOYAGE-PYRENEES-2021.jpg 1654w\" sizes=\"(max-width: 212px) 100vw, 212px\" \/><\/a>\n<h4 class=\"pt-cv-title\"><a href=\"https:\/\/hirondelles-auruou.fr\/?p=2534\" class=\"_self\" target=\"_self\" >PYRENNEES<\/a><\/h4>\n<div class=\"pt-cv-content\">Pic du Midi - Lourdes - Cirque de Gavarnie Quand : du 21 au 25 Juin 2021O\u00f9 : Agos Vidalos\u00a0Transport ...<br \/><div class=\"pt-cv-rmwrap\"><a href=\"https:\/\/hirondelles-auruou.fr\/?p=2534\" class=\"_self pt-cv-readmore btn btn-success\" target=\"_self\">Lire La Suite\u2026<\/a><\/div><\/div><\/div><\/div>\n<div class=\"col-md-3 col-sm-6 col-xs-12 pt-cv-content-item pt-cv-1-col\" ><div class='pt-cv-ifield'><a href=\"https:\/\/hirondelles-auruou.fr\/?p=2525\" class=\"_self pt-cv-href-thumbnail pt-cv-thumb-default\" target=\"_self\" ><img decoding=\"async\" width=\"212\" height=\"300\" data-src=\"https:\/\/hirondelles-auruou.fr\/wp-content\/uploads\/2021\/03\/jeudi-17-Juin-2021-212x300.jpg\" class=\"pt-cv-thumbnail lazyload\" alt=\"\" data-srcset=\"https:\/\/hirondelles-auruou.fr\/wp-content\/uploads\/2021\/03\/jeudi-17-Juin-2021-212x300.jpg 212w, https:\/\/hirondelles-auruou.fr\/wp-content\/uploads\/2021\/03\/jeudi-17-Juin-2021-724x1024.jpg 724w, https:\/\/hirondelles-auruou.fr\/wp-content\/uploads\/2021\/03\/jeudi-17-Juin-2021-768x1086.jpg 768w, https:\/\/hirondelles-auruou.fr\/wp-content\/uploads\/2021\/03\/jeudi-17-Juin-2021-543x768.jpg 543w, https:\/\/hirondelles-auruou.fr\/wp-content\/uploads\/2021\/03\/jeudi-17-Juin-2021-1086x1536.jpg 1086w, https:\/\/hirondelles-auruou.fr\/wp-content\/uploads\/2021\/03\/jeudi-17-Juin-2021-1448x2048.jpg 1448w, https:\/\/hirondelles-auruou.fr\/wp-content\/uploads\/2021\/03\/jeudi-17-Juin-2021.jpg 1654w\" data-sizes=\"(max-width: 212px) 100vw, 212px\" src=\"data:image\/svg+xml;base64,PHN2ZyB3aWR0aD0iMSIgaGVpZ2h0PSIxIiB4bWxucz0iaHR0cDovL3d3dy53My5vcmcvMjAwMC9zdmciPjwvc3ZnPg==\" style=\"--smush-placeholder-width: 212px; --smush-placeholder-aspect-ratio: 212\/300;\" \/><\/a>\n<h4 class=\"pt-cv-title\"><a href=\"https:\/\/hirondelles-auruou.fr\/?p=2525\" class=\"_self\" target=\"_self\" >LAC DE CASTILLON<\/a><\/h4>\n<div class=\"pt-cv-content\">LAC DE CASTILLON Quand : Jeudi 17 Juin 2021 O\u00f9 : CASTELLANE\/CASTILLON Transport au d\u00e9part d\u2019Auriol ...<br \/><div class=\"pt-cv-rmwrap\"><a href=\"https:\/\/hirondelles-auruou.fr\/?p=2525\" class=\"_self pt-cv-readmore btn btn-success\" target=\"_self\">Lire La Suite\u2026<\/a><\/div><\/div><\/div><\/div>\n<div class=\"col-md-3 col-sm-6 col-xs-12 pt-cv-content-item pt-cv-1-col\" ><div class='pt-cv-ifield'><a href=\"https:\/\/hirondelles-auruou.fr\/?p=2519\" class=\"_self pt-cv-href-thumbnail pt-cv-thumb-default\" target=\"_self\" ><img decoding=\"async\" width=\"212\" height=\"300\" data-src=\"https:\/\/hirondelles-auruou.fr\/wp-content\/uploads\/2021\/03\/DAX-2021-212x300.jpg\" class=\"pt-cv-thumbnail lazyload\" alt=\"\" data-srcset=\"https:\/\/hirondelles-auruou.fr\/wp-content\/uploads\/2021\/03\/DAX-2021-212x300.jpg 212w, https:\/\/hirondelles-auruou.fr\/wp-content\/uploads\/2021\/03\/DAX-2021-724x1024.jpg 724w, https:\/\/hirondelles-auruou.fr\/wp-content\/uploads\/2021\/03\/DAX-2021-768x1086.jpg 768w, https:\/\/hirondelles-auruou.fr\/wp-content\/uploads\/2021\/03\/DAX-2021-543x768.jpg 543w, https:\/\/hirondelles-auruou.fr\/wp-content\/uploads\/2021\/03\/DAX-2021-1086x1536.jpg 1086w, https:\/\/hirondelles-auruou.fr\/wp-content\/uploads\/2021\/03\/DAX-2021-1448x2048.jpg 1448w, https:\/\/hirondelles-auruou.fr\/wp-content\/uploads\/2021\/03\/DAX-2021.jpg 1654w\" data-sizes=\"(max-width: 212px) 100vw, 212px\" src=\"data:image\/svg+xml;base64,PHN2ZyB3aWR0aD0iMSIgaGVpZ2h0PSIxIiB4bWxucz0iaHR0cDovL3d3dy53My5vcmcvMjAwMC9zdmciPjwvc3ZnPg==\" style=\"--smush-placeholder-width: 212px; --smush-placeholder-aspect-ratio: 212\/300;\" \/><\/a>\n<h4 class=\"pt-cv-title\"><a href=\"https:\/\/hirondelles-auruou.fr\/?p=2519\" class=\"_self\" target=\"_self\" >DAX 2021<\/a><\/h4>\n<div class=\"pt-cv-content\">DAX LANDES GIRONDE PAYS BASQUE Quand : du 15 au 23 Septembre 2021O\u00f9 : LANDES GIRONDE PAYS BASQUE\u00a0Transport au d\u00e9part ...<br \/><div class=\"pt-cv-rmwrap\"><a href=\"https:\/\/hirondelles-auruou.fr\/?p=2519\" class=\"_self pt-cv-readmore btn btn-success\" target=\"_self\">Lire La Suite\u2026<\/a><\/div><\/div><\/div><\/div>\n<div class=\"col-md-3 col-sm-6 col-xs-12 pt-cv-content-item pt-cv-1-col\" ><div class='pt-cv-ifield'><a href=\"https:\/\/hirondelles-auruou.fr\/?p=2495\" class=\"_self pt-cv-href-thumbnail pt-cv-thumb-default\" target=\"_self\" ><img decoding=\"async\" width=\"212\" height=\"300\" data-src=\"https:\/\/hirondelles-auruou.fr\/wp-content\/uploads\/2021\/03\/ESCAPADE-212x300.jpg\" class=\"pt-cv-thumbnail lazyload\" alt=\"\" data-srcset=\"https:\/\/hirondelles-auruou.fr\/wp-content\/uploads\/2021\/03\/ESCAPADE-212x300.jpg 212w, https:\/\/hirondelles-auruou.fr\/wp-content\/uploads\/2021\/03\/ESCAPADE-724x1024.jpg 724w, https:\/\/hirondelles-auruou.fr\/wp-content\/uploads\/2021\/03\/ESCAPADE-768x1086.jpg 768w, https:\/\/hirondelles-auruou.fr\/wp-content\/uploads\/2021\/03\/ESCAPADE-543x768.jpg 543w, https:\/\/hirondelles-auruou.fr\/wp-content\/uploads\/2021\/03\/ESCAPADE-1086x1536.jpg 1086w, https:\/\/hirondelles-auruou.fr\/wp-content\/uploads\/2021\/03\/ESCAPADE-1448x2048.jpg 1448w, https:\/\/hirondelles-auruou.fr\/wp-content\/uploads\/2021\/03\/ESCAPADE.jpg 1654w\" data-sizes=\"(max-width: 212px) 100vw, 212px\" src=\"data:image\/svg+xml;base64,PHN2ZyB3aWR0aD0iMSIgaGVpZ2h0PSIxIiB4bWxucz0iaHR0cDovL3d3dy53My5vcmcvMjAwMC9zdmciPjwvc3ZnPg==\" style=\"--smush-placeholder-width: 212px; --smush-placeholder-aspect-ratio: 212\/300;\" \/><\/a>\n<h4 class=\"pt-cv-title\"><a href=\"https:\/\/hirondelles-auruou.fr\/?p=2495\" class=\"_self\" target=\"_self\" >ESCAPADE<\/a><\/h4>\n<div class=\"pt-cv-content\">Escapade au c\u0153ur de l\u2019Occitanie Quand : AVRIL 2021O\u00f9 : OCCITANIE\u00a0Transport au d\u00e9part d\u2019Auriol ...<br \/><div class=\"pt-cv-rmwrap\"><a href=\"https:\/\/hirondelles-auruou.fr\/?p=2495\" class=\"_self pt-cv-readmore btn btn-success\" target=\"_self\">Lire La Suite\u2026<\/a><\/div><\/div><\/div><\/div>\n<div class=\"col-md-3 col-sm-6 col-xs-12 pt-cv-content-item pt-cv-1-col\" ><div class='pt-cv-ifield'><a href=\"https:\/\/hirondelles-auruou.fr\/?p=2483\" class=\"_self pt-cv-href-thumbnail pt-cv-thumb-default\" target=\"_self\" ><img decoding=\"async\" width=\"212\" height=\"300\" data-src=\"https:\/\/hirondelles-auruou.fr\/wp-content\/uploads\/2021\/03\/MEGA-FIESTA-2021-212x300.jpg\" class=\"pt-cv-thumbnail lazyload\" alt=\"\" data-srcset=\"https:\/\/hirondelles-auruou.fr\/wp-content\/uploads\/2021\/03\/MEGA-FIESTA-2021-212x300.jpg 212w, https:\/\/hirondelles-auruou.fr\/wp-content\/uploads\/2021\/03\/MEGA-FIESTA-2021-724x1024.jpg 724w, https:\/\/hirondelles-auruou.fr\/wp-content\/uploads\/2021\/03\/MEGA-FIESTA-2021-768x1086.jpg 768w, https:\/\/hirondelles-auruou.fr\/wp-content\/uploads\/2021\/03\/MEGA-FIESTA-2021-543x768.jpg 543w, https:\/\/hirondelles-auruou.fr\/wp-content\/uploads\/2021\/03\/MEGA-FIESTA-2021-1086x1536.jpg 1086w, https:\/\/hirondelles-auruou.fr\/wp-content\/uploads\/2021\/03\/MEGA-FIESTA-2021-1448x2048.jpg 1448w, https:\/\/hirondelles-auruou.fr\/wp-content\/uploads\/2021\/03\/MEGA-FIESTA-2021.jpg 1654w\" data-sizes=\"(max-width: 212px) 100vw, 212px\" src=\"data:image\/svg+xml;base64,PHN2ZyB3aWR0aD0iMSIgaGVpZ2h0PSIxIiB4bWxucz0iaHR0cDovL3d3dy53My5vcmcvMjAwMC9zdmciPjwvc3ZnPg==\" style=\"--smush-placeholder-width: 212px; --smush-placeholder-aspect-ratio: 212\/300;\" \/><\/a>\n<h4 class=\"pt-cv-title\"><a href=\"https:\/\/hirondelles-auruou.fr\/?p=2483\" class=\"_self\" target=\"_self\" >MEGA FIESTA MAI 2021<\/a><\/h4>\n<div class=\"pt-cv-content\">MEGA FIESTA MAI 2021 Quand : Samedi 8 Mai 2021 O\u00f9 : Salle de r\u00e9union Ave Marceau Julien - AURIOL ...<br \/><div class=\"pt-cv-rmwrap\"><a href=\"https:\/\/hirondelles-auruou.fr\/?p=2483\" class=\"_self pt-cv-readmore btn btn-success\" target=\"_self\">Lire La Suite\u2026<\/a><\/div><\/div><\/div><\/div>\n<div class=\"col-md-3 col-sm-6 col-xs-12 pt-cv-content-item pt-cv-1-col\" ><div class='pt-cv-ifield'><a href=\"https:\/\/hirondelles-auruou.fr\/?p=2361\" class=\"_self pt-cv-href-thumbnail pt-cv-thumb-default\" target=\"_self\" ><img decoding=\"async\" width=\"201\" height=\"300\" data-src=\"https:\/\/hirondelles-auruou.fr\/wp-content\/uploads\/2020\/10\/DSC_0212-201x300.jpg\" class=\"pt-cv-thumbnail lazyload\" alt=\"\" data-srcset=\"https:\/\/hirondelles-auruou.fr\/wp-content\/uploads\/2020\/10\/DSC_0212-201x300.jpg 201w, https:\/\/hirondelles-auruou.fr\/wp-content\/uploads\/2020\/10\/DSC_0212-685x1024.jpg 685w, https:\/\/hirondelles-auruou.fr\/wp-content\/uploads\/2020\/10\/DSC_0212-768x1147.jpg 768w, https:\/\/hirondelles-auruou.fr\/wp-content\/uploads\/2020\/10\/DSC_0212-514x768.jpg 514w, https:\/\/hirondelles-auruou.fr\/wp-content\/uploads\/2020\/10\/DSC_0212-1028x1536.jpg 1028w, https:\/\/hirondelles-auruou.fr\/wp-content\/uploads\/2020\/10\/DSC_0212-1371x2048.jpg 1371w, https:\/\/hirondelles-auruou.fr\/wp-content\/uploads\/2020\/10\/DSC_0212-scaled.jpg 1714w\" data-sizes=\"(max-width: 201px) 100vw, 201px\" src=\"data:image\/svg+xml;base64,PHN2ZyB3aWR0aD0iMSIgaGVpZ2h0PSIxIiB4bWxucz0iaHR0cDovL3d3dy53My5vcmcvMjAwMC9zdmciPjwvc3ZnPg==\" style=\"--smush-placeholder-width: 201px; --smush-placeholder-aspect-ratio: 201\/300;\" \/><\/a>\n<h4 class=\"pt-cv-title\"><a href=\"https:\/\/hirondelles-auruou.fr\/?p=2361\" class=\"_self\" target=\"_self\" >Au C\u0153ur des Hauts de France<\/a><\/h4>\n<div class=\"pt-cv-content\">Au C\u0153ur des Hauts de France - 5 au 10 Spetembre 2020 Samedi 5 septembre D\u00e9part matinal \u00e0 5 h ...<br \/><div class=\"pt-cv-rmwrap\"><a href=\"https:\/\/hirondelles-auruou.fr\/?p=2361\" class=\"_self pt-cv-readmore btn btn-success\" target=\"_self\">Lire La Suite\u2026<\/a><\/div><\/div><\/div><\/div>\n<div class=\"col-md-3 col-sm-6 col-xs-12 pt-cv-content-item pt-cv-1-col\" ><div class='pt-cv-ifield'><a href=\"https:\/\/hirondelles-auruou.fr\/?p=2301\" class=\"_self pt-cv-href-thumbnail pt-cv-thumb-default\" target=\"_self\" ><img decoding=\"async\" width=\"300\" height=\"201\" data-src=\"https:\/\/hirondelles-auruou.fr\/wp-content\/uploads\/2020\/10\/DSC_0391-300x201.jpg\" class=\"pt-cv-thumbnail lazyload\" alt=\"\" data-srcset=\"https:\/\/hirondelles-auruou.fr\/wp-content\/uploads\/2020\/10\/DSC_0391-300x201.jpg 300w, https:\/\/hirondelles-auruou.fr\/wp-content\/uploads\/2020\/10\/DSC_0391-1024x685.jpg 1024w, https:\/\/hirondelles-auruou.fr\/wp-content\/uploads\/2020\/10\/DSC_0391-768x514.jpg 768w, https:\/\/hirondelles-auruou.fr\/wp-content\/uploads\/2020\/10\/DSC_0391-1536x1028.jpg 1536w, https:\/\/hirondelles-auruou.fr\/wp-content\/uploads\/2020\/10\/DSC_0391-2048x1371.jpg 2048w\" data-sizes=\"(max-width: 300px) 100vw, 300px\" src=\"data:image\/svg+xml;base64,PHN2ZyB3aWR0aD0iMSIgaGVpZ2h0PSIxIiB4bWxucz0iaHR0cDovL3d3dy53My5vcmcvMjAwMC9zdmciPjwvc3ZnPg==\" style=\"--smush-placeholder-width: 300px; --smush-placeholder-aspect-ratio: 300\/201;\" \/><\/a>\n<h4 class=\"pt-cv-title\"><a href=\"https:\/\/hirondelles-auruou.fr\/?p=2301\" class=\"_self\" target=\"_self\" >Les Baux de Provence &#8211; 17 Septembre 2020<\/a><\/h4>\n<div class=\"pt-cv-content\">Les Baux de Provence - 17 Septembre 2020 Aujourd\u2019hui, 17 septembre 2020, r\u00e9unis devant la Mairie, nous attendons l\u2019autocar qui ...<br \/><div class=\"pt-cv-rmwrap\"><a href=\"https:\/\/hirondelles-auruou.fr\/?p=2301\" class=\"_self pt-cv-readmore btn btn-success\" target=\"_self\">Lire La Suite\u2026<\/a><\/div><\/div><\/div><\/div>\n<div class=\"col-md-3 col-sm-6 col-xs-12 pt-cv-content-item pt-cv-1-col\" ><div class='pt-cv-ifield'><a href=\"https:\/\/hirondelles-auruou.fr\/?p=2284\" class=\"_self pt-cv-href-thumbnail pt-cv-thumb-default\" target=\"_self\" ><img decoding=\"async\" width=\"212\" height=\"300\" data-src=\"https:\/\/hirondelles-auruou.fr\/wp-content\/uploads\/2020\/10\/JEUDI-19-NOVEMBRE-2020-1-212x300.jpg\" class=\"pt-cv-thumbnail lazyload\" alt=\"\" data-srcset=\"https:\/\/hirondelles-auruou.fr\/wp-content\/uploads\/2020\/10\/JEUDI-19-NOVEMBRE-2020-1-212x300.jpg 212w, https:\/\/hirondelles-auruou.fr\/wp-content\/uploads\/2020\/10\/JEUDI-19-NOVEMBRE-2020-1-724x1024.jpg 724w, https:\/\/hirondelles-auruou.fr\/wp-content\/uploads\/2020\/10\/JEUDI-19-NOVEMBRE-2020-1-768x1086.jpg 768w, https:\/\/hirondelles-auruou.fr\/wp-content\/uploads\/2020\/10\/JEUDI-19-NOVEMBRE-2020-1-543x768.jpg 543w, https:\/\/hirondelles-auruou.fr\/wp-content\/uploads\/2020\/10\/JEUDI-19-NOVEMBRE-2020-1-1086x1536.jpg 1086w, https:\/\/hirondelles-auruou.fr\/wp-content\/uploads\/2020\/10\/JEUDI-19-NOVEMBRE-2020-1-1448x2048.jpg 1448w, https:\/\/hirondelles-auruou.fr\/wp-content\/uploads\/2020\/10\/JEUDI-19-NOVEMBRE-2020-1.jpg 1654w\" data-sizes=\"(max-width: 212px) 100vw, 212px\" src=\"data:image\/svg+xml;base64,PHN2ZyB3aWR0aD0iMSIgaGVpZ2h0PSIxIiB4bWxucz0iaHR0cDovL3d3dy53My5vcmcvMjAwMC9zdmciPjwvc3ZnPg==\" style=\"--smush-placeholder-width: 212px; --smush-placeholder-aspect-ratio: 212\/300;\" \/><\/a>\n<h4 class=\"pt-cv-title\"><a href=\"https:\/\/hirondelles-auruou.fr\/?p=2284\" class=\"_self\" target=\"_self\" >Matin\u00e9e Culturelle &#8211; Apr\u00e8s-Midi Festif<\/a><\/h4>\n<div class=\"pt-cv-content\">Matin\u00e9e Culturelle - Apr\u00e8s-midi festif Quand : Jeudi 19 Novembre 2020 O\u00f9 : GARDANNE D\u00e9part 09h30 devant la mairie ...<br \/><div class=\"pt-cv-rmwrap\"><a href=\"https:\/\/hirondelles-auruou.fr\/?p=2284\" class=\"_self pt-cv-readmore btn btn-success\" target=\"_self\">Lire La Suite\u2026<\/a><\/div><\/div><\/div><\/div>\n<div class=\"col-md-3 col-sm-6 col-xs-12 pt-cv-content-item pt-cv-1-col\" ><div class='pt-cv-ifield'><a href=\"https:\/\/hirondelles-auruou.fr\/?p=2279\" class=\"_self pt-cv-href-thumbnail pt-cv-thumb-default\" target=\"_self\" ><img decoding=\"async\" width=\"212\" height=\"300\" data-src=\"https:\/\/hirondelles-auruou.fr\/wp-content\/uploads\/2020\/10\/Jeudi-15-octobre-2020-1-212x300.jpg\" class=\"pt-cv-thumbnail lazyload\" alt=\"\" data-srcset=\"https:\/\/hirondelles-auruou.fr\/wp-content\/uploads\/2020\/10\/Jeudi-15-octobre-2020-1-212x300.jpg 212w, https:\/\/hirondelles-auruou.fr\/wp-content\/uploads\/2020\/10\/Jeudi-15-octobre-2020-1-724x1024.jpg 724w, https:\/\/hirondelles-auruou.fr\/wp-content\/uploads\/2020\/10\/Jeudi-15-octobre-2020-1-768x1086.jpg 768w, https:\/\/hirondelles-auruou.fr\/wp-content\/uploads\/2020\/10\/Jeudi-15-octobre-2020-1-543x768.jpg 543w, https:\/\/hirondelles-auruou.fr\/wp-content\/uploads\/2020\/10\/Jeudi-15-octobre-2020-1-1086x1536.jpg 1086w, https:\/\/hirondelles-auruou.fr\/wp-content\/uploads\/2020\/10\/Jeudi-15-octobre-2020-1-1448x2048.jpg 1448w, https:\/\/hirondelles-auruou.fr\/wp-content\/uploads\/2020\/10\/Jeudi-15-octobre-2020-1.jpg 1654w\" data-sizes=\"(max-width: 212px) 100vw, 212px\" src=\"data:image\/svg+xml;base64,PHN2ZyB3aWR0aD0iMSIgaGVpZ2h0PSIxIiB4bWxucz0iaHR0cDovL3d3dy53My5vcmcvMjAwMC9zdmciPjwvc3ZnPg==\" style=\"--smush-placeholder-width: 212px; --smush-placeholder-aspect-ratio: 212\/300;\" \/><\/a>\n<h4 class=\"pt-cv-title\"><a href=\"https:\/\/hirondelles-auruou.fr\/?p=2279\" class=\"_self\" target=\"_self\" >Journ\u00e9e Coquillages<\/a><\/h4>\n<div class=\"pt-cv-content\">JOURN\u00c9E COQUILLAGES Quand : Jeudi 15 Octobre 2020 O\u00f9 :SETE D\u00e9part 07h00 devant la mairie ...<br \/><div class=\"pt-cv-rmwrap\"><a href=\"https:\/\/hirondelles-auruou.fr\/?p=2279\" class=\"_self pt-cv-readmore btn btn-success\" target=\"_self\">Lire La Suite\u2026<\/a><\/div><\/div><\/div><\/div>\n<div class=\"col-md-3 col-sm-6 col-xs-12 pt-cv-content-item pt-cv-1-col\" ><div class='pt-cv-ifield'><a href=\"https:\/\/hirondelles-auruou.fr\/?p=2251\" class=\"_self pt-cv-href-thumbnail pt-cv-thumb-default\" target=\"_self\" ><img decoding=\"async\" width=\"212\" height=\"300\" data-src=\"https:\/\/hirondelles-auruou.fr\/wp-content\/uploads\/2020\/07\/affiche_1-212x300.jpg\" class=\"pt-cv-thumbnail lazyload\" alt=\"\" data-srcset=\"https:\/\/hirondelles-auruou.fr\/wp-content\/uploads\/2020\/07\/affiche_1-212x300.jpg 212w, https:\/\/hirondelles-auruou.fr\/wp-content\/uploads\/2020\/07\/affiche_1-543x768.jpg 543w, https:\/\/hirondelles-auruou.fr\/wp-content\/uploads\/2020\/07\/affiche_1.jpg 566w\" data-sizes=\"(max-width: 212px) 100vw, 212px\" src=\"data:image\/svg+xml;base64,PHN2ZyB3aWR0aD0iMSIgaGVpZ2h0PSIxIiB4bWxucz0iaHR0cDovL3d3dy53My5vcmcvMjAwMC9zdmciPjwvc3ZnPg==\" style=\"--smush-placeholder-width: 212px; --smush-placeholder-aspect-ratio: 212\/300;\" \/><\/a>\n<h4 class=\"pt-cv-title\"><a href=\"https:\/\/hirondelles-auruou.fr\/?p=2251\" class=\"_self\" target=\"_self\" >Ferme Animali\u00e8re &#8211; 9 Juillet 2020<\/a><\/h4>\n<div class=\"pt-cv-content\">Ferme Animali\u00e8re - 9 Juillet 2020 ...<br \/><div class=\"pt-cv-rmwrap\"><a href=\"https:\/\/hirondelles-auruou.fr\/?p=2251\" class=\"_self pt-cv-readmore btn btn-success\" target=\"_self\">Lire La Suite\u2026<\/a><\/div><\/div><\/div><\/div>\n<div class=\"col-md-3 col-sm-6 col-xs-12 pt-cv-content-item pt-cv-1-col\" ><div class='pt-cv-ifield'><a href=\"https:\/\/hirondelles-auruou.fr\/?p=2102\" class=\"_self pt-cv-href-thumbnail pt-cv-thumb-default\" target=\"_self\" ><img decoding=\"async\" width=\"300\" height=\"169\" data-src=\"https:\/\/hirondelles-auruou.fr\/wp-content\/uploads\/2019\/06\/Fiesta-3-300x169.jpg\" class=\"pt-cv-thumbnail lazyload\" alt=\"\" data-srcset=\"https:\/\/hirondelles-auruou.fr\/wp-content\/uploads\/2019\/06\/Fiesta-3-300x169.jpg 300w, https:\/\/hirondelles-auruou.fr\/wp-content\/uploads\/2019\/06\/Fiesta-3-768x432.jpg 768w, https:\/\/hirondelles-auruou.fr\/wp-content\/uploads\/2019\/06\/Fiesta-3.jpg 800w\" data-sizes=\"(max-width: 300px) 100vw, 300px\" src=\"data:image\/svg+xml;base64,PHN2ZyB3aWR0aD0iMSIgaGVpZ2h0PSIxIiB4bWxucz0iaHR0cDovL3d3dy53My5vcmcvMjAwMC9zdmciPjwvc3ZnPg==\" style=\"--smush-placeholder-width: 300px; --smush-placeholder-aspect-ratio: 300\/169;\" \/><\/a>\n<h4 class=\"pt-cv-title\"><a href=\"https:\/\/hirondelles-auruou.fr\/?p=2102\" class=\"_self\" target=\"_self\" >Mega Fiesta Janvier 2020<\/a><\/h4>\n<div class=\"pt-cv-content\">MEGA FIESTA JANVIER 2020 Pour f\u00eater la Nouvelle Ann\u00e9e 2020, c'est au Salon de V\u00e8de, que s'est d\u00e9roul\u00e9 cet \u00e9v\u00e9nement ...<br \/><div class=\"pt-cv-rmwrap\"><a href=\"https:\/\/hirondelles-auruou.fr\/?p=2102\" class=\"_self pt-cv-readmore btn btn-success\" target=\"_self\">Lire La Suite\u2026<\/a><\/div><\/div><\/div><\/div>\n<div class=\"col-md-3 col-sm-6 col-xs-12 pt-cv-content-item pt-cv-1-col\" ><div class='pt-cv-ifield'><a href=\"https:\/\/hirondelles-auruou.fr\/?p=2089\" class=\"_self pt-cv-href-thumbnail pt-cv-thumb-default\" target=\"_self\" ><img decoding=\"async\" width=\"169\" height=\"300\" data-src=\"https:\/\/hirondelles-auruou.fr\/wp-content\/uploads\/2020\/06\/20190920_1529011-169x300.jpg\" class=\"pt-cv-thumbnail lazyload\" alt=\"\" data-srcset=\"https:\/\/hirondelles-auruou.fr\/wp-content\/uploads\/2020\/06\/20190920_1529011-169x300.jpg 169w, https:\/\/hirondelles-auruou.fr\/wp-content\/uploads\/2020\/06\/20190920_1529011-576x1024.jpg 576w, https:\/\/hirondelles-auruou.fr\/wp-content\/uploads\/2020\/06\/20190920_1529011-432x768.jpg 432w, https:\/\/hirondelles-auruou.fr\/wp-content\/uploads\/2020\/06\/20190920_1529011.jpg 720w\" data-sizes=\"(max-width: 169px) 100vw, 169px\" src=\"data:image\/svg+xml;base64,PHN2ZyB3aWR0aD0iMSIgaGVpZ2h0PSIxIiB4bWxucz0iaHR0cDovL3d3dy53My5vcmcvMjAwMC9zdmciPjwvc3ZnPg==\" style=\"--smush-placeholder-width: 169px; --smush-placeholder-aspect-ratio: 169\/300;\" \/><\/a>\n<h4 class=\"pt-cv-title\"><a href=\"https:\/\/hirondelles-auruou.fr\/?p=2089\" class=\"_self\" target=\"_self\" >Ballade Auriolaise : Aix en Pce 21\/11\/2019<\/a><\/h4>\n<div class=\"pt-cv-content\">Ballade Auriolaise : Aix en Pce 21\/11\/2019 Journ\u00e9e du 21 novembre 2019 Aujourd'hui, notre ballade mensuelle se d\u00e9roulera dans la ...<br \/><div class=\"pt-cv-rmwrap\"><a href=\"https:\/\/hirondelles-auruou.fr\/?p=2089\" class=\"_self pt-cv-readmore btn btn-success\" target=\"_self\">Lire La Suite\u2026<\/a><\/div><\/div><\/div><\/div>\n<div class=\"col-md-3 col-sm-6 col-xs-12 pt-cv-content-item pt-cv-1-col\" ><div class='pt-cv-ifield'><a href=\"https:\/\/hirondelles-auruou.fr\/?p=2006\" class=\"_self pt-cv-href-thumbnail pt-cv-thumb-default\" target=\"_self\" ><img decoding=\"async\" width=\"212\" height=\"300\" data-src=\"https:\/\/hirondelles-auruou.fr\/wp-content\/uploads\/2019\/11\/Festa-Italiana-15122019-212x300.jpg\" class=\"pt-cv-thumbnail lazyload\" alt=\"\" data-srcset=\"https:\/\/hirondelles-auruou.fr\/wp-content\/uploads\/2019\/11\/Festa-Italiana-15122019-212x300.jpg 212w, https:\/\/hirondelles-auruou.fr\/wp-content\/uploads\/2019\/11\/Festa-Italiana-15122019-543x768.jpg 543w, https:\/\/hirondelles-auruou.fr\/wp-content\/uploads\/2019\/11\/Festa-Italiana-15122019.jpg 566w\" data-sizes=\"(max-width: 212px) 100vw, 212px\" src=\"data:image\/svg+xml;base64,PHN2ZyB3aWR0aD0iMSIgaGVpZ2h0PSIxIiB4bWxucz0iaHR0cDovL3d3dy53My5vcmcvMjAwMC9zdmciPjwvc3ZnPg==\" style=\"--smush-placeholder-width: 212px; --smush-placeholder-aspect-ratio: 212\/300;\" \/><\/a>\n<h4 class=\"pt-cv-title\"><a href=\"https:\/\/hirondelles-auruou.fr\/?p=2006\" class=\"_self\" target=\"_self\" >Festa Italiana<\/a><\/h4>\n<div class=\"pt-cv-content\">FESTA ITALIANA Quand : Dimanche 15 D\u00e9cembre 2019 O\u00f9 : Salle des f\u00eates Auriol \u00e0 12h00 FESTA ITALIANA 15 DECEMBRE ...<br \/><div class=\"pt-cv-rmwrap\"><a href=\"https:\/\/hirondelles-auruou.fr\/?p=2006\" class=\"_self pt-cv-readmore btn btn-success\" target=\"_self\">Lire La Suite\u2026<\/a><\/div><\/div><\/div><\/div>\n<div class=\"col-md-3 col-sm-6 col-xs-12 pt-cv-content-item pt-cv-1-col\" ><div class='pt-cv-ifield'><a href=\"https:\/\/hirondelles-auruou.fr\/?p=1952\" class=\"_self pt-cv-href-thumbnail pt-cv-thumb-default\" target=\"_self\" ><img decoding=\"async\" width=\"300\" height=\"201\" data-src=\"https:\/\/hirondelles-auruou.fr\/wp-content\/uploads\/2019\/10\/161310-300x201.jpg\" class=\"pt-cv-thumbnail lazyload\" alt=\"\" data-srcset=\"https:\/\/hirondelles-auruou.fr\/wp-content\/uploads\/2019\/10\/161310-300x201.jpg 300w, https:\/\/hirondelles-auruou.fr\/wp-content\/uploads\/2019\/10\/161310-768x515.jpg 768w, https:\/\/hirondelles-auruou.fr\/wp-content\/uploads\/2019\/10\/161310.jpg 800w\" data-sizes=\"(max-width: 300px) 100vw, 300px\" src=\"data:image\/svg+xml;base64,PHN2ZyB3aWR0aD0iMSIgaGVpZ2h0PSIxIiB4bWxucz0iaHR0cDovL3d3dy53My5vcmcvMjAwMC9zdmciPjwvc3ZnPg==\" style=\"--smush-placeholder-width: 300px; --smush-placeholder-aspect-ratio: 300\/201;\" \/><\/a>\n<h4 class=\"pt-cv-title\"><a href=\"https:\/\/hirondelles-auruou.fr\/?p=1952\" class=\"_self\" target=\"_self\" >Dr\u00f4me Proven\u00e7ale &#8211; Facteur Cheval &#8211; 19 Septembre 2019<\/a><\/h4>\n<div class=\"pt-cv-content\">Dr\u00f4me Proven\u00e7ale - Facteur Cheval - 19 Septembre 2019 Jeudi 19 septembre 2019, le d\u00e9part est matinal 7 heures, car ...<br \/><div class=\"pt-cv-rmwrap\"><a href=\"https:\/\/hirondelles-auruou.fr\/?p=1952\" class=\"_self pt-cv-readmore btn btn-success\" target=\"_self\">Lire La Suite\u2026<\/a><\/div><\/div><\/div><\/div>\n<div class=\"col-md-3 col-sm-6 col-xs-12 pt-cv-content-item pt-cv-1-col\" ><div class='pt-cv-ifield'><a href=\"https:\/\/hirondelles-auruou.fr\/?p=1915\" class=\"_self pt-cv-href-thumbnail pt-cv-thumb-default\" target=\"_self\" ><img decoding=\"async\" width=\"300\" height=\"225\" data-src=\"https:\/\/hirondelles-auruou.fr\/wp-content\/uploads\/2019\/10\/63110-300x225.jpg\" class=\"pt-cv-thumbnail lazyload\" alt=\"\" data-srcset=\"https:\/\/hirondelles-auruou.fr\/wp-content\/uploads\/2019\/10\/63110-300x225.jpg 300w, https:\/\/hirondelles-auruou.fr\/wp-content\/uploads\/2019\/10\/63110-768x576.jpg 768w, https:\/\/hirondelles-auruou.fr\/wp-content\/uploads\/2019\/10\/63110.jpg 800w\" data-sizes=\"(max-width: 300px) 100vw, 300px\" src=\"data:image\/svg+xml;base64,PHN2ZyB3aWR0aD0iMSIgaGVpZ2h0PSIxIiB4bWxucz0iaHR0cDovL3d3dy53My5vcmcvMjAwMC9zdmciPjwvc3ZnPg==\" style=\"--smush-placeholder-width: 300px; --smush-placeholder-aspect-ratio: 300\/225;\" \/><\/a>\n<h4 class=\"pt-cv-title\"><a href=\"https:\/\/hirondelles-auruou.fr\/?p=1915\" class=\"_self\" target=\"_self\" >FREJUS &#8211; LAC St CASSIEN &#8211; 20 Juin 2019<\/a><\/h4>\n<div class=\"pt-cv-content\">FREJUS - LAC St CASSIEN - 20 Juin 2019 La sortie mensuelle du 20 juin 2019 est programm\u00e9e dans un ...<br \/><div class=\"pt-cv-rmwrap\"><a href=\"https:\/\/hirondelles-auruou.fr\/?p=1915\" class=\"_self pt-cv-readmore btn btn-success\" target=\"_self\">Lire La Suite\u2026<\/a><\/div><\/div><\/div><\/div>\n<div class=\"col-md-3 col-sm-6 col-xs-12 pt-cv-content-item pt-cv-1-col\" ><div class='pt-cv-ifield'><a href=\"https:\/\/hirondelles-auruou.fr\/?p=1744\" class=\"_self pt-cv-href-thumbnail pt-cv-thumb-default\" target=\"_self\" ><img decoding=\"async\" width=\"300\" height=\"201\" data-src=\"https:\/\/hirondelles-auruou.fr\/wp-content\/uploads\/2019\/09\/Patio-22671-300x201.jpg\" class=\"pt-cv-thumbnail lazyload\" alt=\"\" data-srcset=\"https:\/\/hirondelles-auruou.fr\/wp-content\/uploads\/2019\/09\/Patio-22671-300x201.jpg 300w, https:\/\/hirondelles-auruou.fr\/wp-content\/uploads\/2019\/09\/Patio-22671-768x515.jpg 768w, https:\/\/hirondelles-auruou.fr\/wp-content\/uploads\/2019\/09\/Patio-22671.jpg 800w\" data-sizes=\"(max-width: 300px) 100vw, 300px\" src=\"data:image\/svg+xml;base64,PHN2ZyB3aWR0aD0iMSIgaGVpZ2h0PSIxIiB4bWxucz0iaHR0cDovL3d3dy53My5vcmcvMjAwMC9zdmciPjwvc3ZnPg==\" style=\"--smush-placeholder-width: 300px; --smush-placeholder-aspect-ratio: 300\/201;\" \/><\/a>\n<h4 class=\"pt-cv-title\"><a href=\"https:\/\/hirondelles-auruou.fr\/?p=1744\" class=\"_self\" target=\"_self\" >Patio de Camargue 2019<\/a><\/h4>\n<div class=\"pt-cv-content\">Patio de Camargue 2019 Aujourd'hui, 16 mai 2019 nous partons \u00e0 ARLES. Cette journ\u00e9e est particuli\u00e8re car nous c\u00e9l\u00e9brerons (en ...<br \/><div class=\"pt-cv-rmwrap\"><a href=\"https:\/\/hirondelles-auruou.fr\/?p=1744\" class=\"_self pt-cv-readmore btn btn-success\" target=\"_self\">Lire La Suite\u2026<\/a><\/div><\/div><\/div><\/div>\n<div class=\"col-md-3 col-sm-6 col-xs-12 pt-cv-content-item pt-cv-1-col\" ><div class='pt-cv-ifield'><a href=\"https:\/\/hirondelles-auruou.fr\/?p=1071\" class=\"_self pt-cv-href-thumbnail pt-cv-thumb-default\" target=\"_self\" ><img decoding=\"async\" width=\"300\" height=\"225\" data-src=\"https:\/\/hirondelles-auruou.fr\/wp-content\/uploads\/2019\/09\/P10207821-300x225.jpg\" class=\"pt-cv-thumbnail lazyload\" alt=\"\" data-srcset=\"https:\/\/hirondelles-auruou.fr\/wp-content\/uploads\/2019\/09\/P10207821-300x225.jpg 300w, https:\/\/hirondelles-auruou.fr\/wp-content\/uploads\/2019\/09\/P10207821-768x576.jpg 768w, https:\/\/hirondelles-auruou.fr\/wp-content\/uploads\/2019\/09\/P10207821.jpg 800w\" data-sizes=\"(max-width: 300px) 100vw, 300px\" src=\"data:image\/svg+xml;base64,PHN2ZyB3aWR0aD0iMSIgaGVpZ2h0PSIxIiB4bWxucz0iaHR0cDovL3d3dy53My5vcmcvMjAwMC9zdmciPjwvc3ZnPg==\" style=\"--smush-placeholder-width: 300px; --smush-placeholder-aspect-ratio: 300\/225;\" \/><\/a>\n<h4 class=\"pt-cv-title\"><a href=\"https:\/\/hirondelles-auruou.fr\/?p=1071\" class=\"_self\" target=\"_self\" >Saint Eloi 2019<\/a><\/h4>\n<div class=\"pt-cv-content\">Saint-Eloi 2019 La 35e cavalcade du Groupe Saint-Eloi s'est d\u00e9roul\u00e9 le dimanche 7 juillet 2019 \u00e0 Auriol. Les chars d\u00e9cor\u00e9s ...<br \/><div class=\"pt-cv-rmwrap\"><a href=\"https:\/\/hirondelles-auruou.fr\/?p=1071\" class=\"_self pt-cv-readmore btn btn-success\" target=\"_self\">Lire La Suite\u2026<\/a><\/div><\/div><\/div><\/div>\n<div class=\"col-md-3 col-sm-6 col-xs-12 pt-cv-content-item pt-cv-1-col\" ><div class='pt-cv-ifield'><a href=\"https:\/\/hirondelles-auruou.fr\/?p=810\" class=\"_self pt-cv-href-thumbnail pt-cv-thumb-default\" target=\"_self\" ><img decoding=\"async\" width=\"208\" height=\"300\" data-src=\"https:\/\/hirondelles-auruou.fr\/wp-content\/uploads\/2019\/07\/Jeudi-17-octobre-2019-208x300.jpg\" class=\"pt-cv-thumbnail lazyload\" alt=\"\" data-srcset=\"https:\/\/hirondelles-auruou.fr\/wp-content\/uploads\/2019\/07\/Jeudi-17-octobre-2019-208x300.jpg 208w, https:\/\/hirondelles-auruou.fr\/wp-content\/uploads\/2019\/07\/Jeudi-17-octobre-2019-531x768.jpg 531w, https:\/\/hirondelles-auruou.fr\/wp-content\/uploads\/2019\/07\/Jeudi-17-octobre-2019.jpg 664w\" data-sizes=\"(max-width: 208px) 100vw, 208px\" src=\"data:image\/svg+xml;base64,PHN2ZyB3aWR0aD0iMSIgaGVpZ2h0PSIxIiB4bWxucz0iaHR0cDovL3d3dy53My5vcmcvMjAwMC9zdmciPjwvc3ZnPg==\" style=\"--smush-placeholder-width: 208px; --smush-placeholder-aspect-ratio: 208\/300;\" \/><\/a>\n<h4 class=\"pt-cv-title\"><a href=\"https:\/\/hirondelles-auruou.fr\/?p=810\" class=\"_self\" target=\"_self\" >JOURNEE COQUILLAGES \u00ab VIP \u00bb<\/a><\/h4>\n<div class=\"pt-cv-content\">JOURNEE COQUILLAGES \u00ab VIP \u00bb Pr\u00e9c\u00e9dent Suivant Quand : Jeudi 17 Octobre 2019 O\u00f9 : Marseillan D\u00c9PART 7H30 DEVANT LA ...<br \/><div class=\"pt-cv-rmwrap\"><a href=\"https:\/\/hirondelles-auruou.fr\/?p=810\" class=\"_self pt-cv-readmore btn btn-success\" target=\"_self\">Lire La Suite\u2026<\/a><\/div><\/div><\/div><\/div>\n<div class=\"col-md-3 col-sm-6 col-xs-12 pt-cv-content-item pt-cv-1-col\" ><div class='pt-cv-ifield'><a href=\"https:\/\/hirondelles-auruou.fr\/?p=625\" class=\"_self pt-cv-href-thumbnail pt-cv-thumb-default\" target=\"_self\" ><img decoding=\"async\" width=\"300\" height=\"201\" data-src=\"https:\/\/hirondelles-auruou.fr\/wp-content\/uploads\/2019\/09\/Monaco-71230-300x201.jpg\" class=\"pt-cv-thumbnail lazyload\" alt=\"\" data-srcset=\"https:\/\/hirondelles-auruou.fr\/wp-content\/uploads\/2019\/09\/Monaco-71230-300x201.jpg 300w, https:\/\/hirondelles-auruou.fr\/wp-content\/uploads\/2019\/09\/Monaco-71230-768x515.jpg 768w, https:\/\/hirondelles-auruou.fr\/wp-content\/uploads\/2019\/09\/Monaco-71230.jpg 800w\" data-sizes=\"(max-width: 300px) 100vw, 300px\" src=\"data:image\/svg+xml;base64,PHN2ZyB3aWR0aD0iMSIgaGVpZ2h0PSIxIiB4bWxucz0iaHR0cDovL3d3dy53My5vcmcvMjAwMC9zdmciPjwvc3ZnPg==\" style=\"--smush-placeholder-width: 300px; --smush-placeholder-aspect-ratio: 300\/201;\" \/><\/a>\n<h4 class=\"pt-cv-title\"><a href=\"https:\/\/hirondelles-auruou.fr\/?p=625\" class=\"_self\" target=\"_self\" >MONACO<\/a><\/h4>\n<div class=\"pt-cv-content\">MONACO Aujourd\u2019hui, 18 avril 2019 d\u00e9part en autocar en direction de Monaco. Visite du jardin exotique : c\u2019est un tr\u00e8s ...<br \/><div class=\"pt-cv-rmwrap\"><a href=\"https:\/\/hirondelles-auruou.fr\/?p=625\" class=\"_self pt-cv-readmore btn btn-success\" target=\"_self\">Lire La Suite\u2026<\/a><\/div><\/div><\/div><\/div>\n<div class=\"col-md-3 col-sm-6 col-xs-12 pt-cv-content-item pt-cv-1-col\" ><div class='pt-cv-ifield'><a href=\"https:\/\/hirondelles-auruou.fr\/?p=194\" class=\"_self pt-cv-href-thumbnail pt-cv-thumb-default\" target=\"_self\" ><img decoding=\"async\" width=\"300\" height=\"169\" data-src=\"https:\/\/hirondelles-auruou.fr\/wp-content\/uploads\/2019\/06\/Sisteron-210319-14-300x169.jpg\" class=\"pt-cv-thumbnail lazyload\" alt=\"\" data-srcset=\"https:\/\/hirondelles-auruou.fr\/wp-content\/uploads\/2019\/06\/Sisteron-210319-14-300x169.jpg 300w, https:\/\/hirondelles-auruou.fr\/wp-content\/uploads\/2019\/06\/Sisteron-210319-14-768x432.jpg 768w, https:\/\/hirondelles-auruou.fr\/wp-content\/uploads\/2019\/06\/Sisteron-210319-14.jpg 800w\" data-sizes=\"(max-width: 300px) 100vw, 300px\" src=\"data:image\/svg+xml;base64,PHN2ZyB3aWR0aD0iMSIgaGVpZ2h0PSIxIiB4bWxucz0iaHR0cDovL3d3dy53My5vcmcvMjAwMC9zdmciPjwvc3ZnPg==\" style=\"--smush-placeholder-width: 300px; --smush-placeholder-aspect-ratio: 300\/169;\" \/><\/a>\n<h4 class=\"pt-cv-title\"><a href=\"https:\/\/hirondelles-auruou.fr\/?p=194\" class=\"_self\" target=\"_self\" >Sisteron Mars 2019<\/a><\/h4>\n<div class=\"pt-cv-content\">SISTERON MARS 2019 Le 21 mars 2019, d\u00e9part en autocar en direction de Sisteron.Matin\u00e9e libre dans le centre-ville\u00a0:Visite de la ...<br \/><div class=\"pt-cv-rmwrap\"><a href=\"https:\/\/hirondelles-auruou.fr\/?p=194\" class=\"_self pt-cv-readmore btn btn-success\" target=\"_self\">Lire La Suite\u2026<\/a><\/div><\/div><\/div><\/div>\n<div class=\"col-md-3 col-sm-6 col-xs-12 pt-cv-content-item pt-cv-1-col\" ><div class='pt-cv-ifield'><a href=\"https:\/\/hirondelles-auruou.fr\/?p=175\" class=\"_self pt-cv-href-thumbnail pt-cv-thumb-default\" target=\"_self\" ><img decoding=\"async\" width=\"300\" height=\"169\" data-src=\"https:\/\/hirondelles-auruou.fr\/wp-content\/uploads\/2019\/06\/Cannes-0219-5-300x169.jpg\" class=\"pt-cv-thumbnail lazyload\" alt=\"\" data-srcset=\"https:\/\/hirondelles-auruou.fr\/wp-content\/uploads\/2019\/06\/Cannes-0219-5-300x169.jpg 300w, https:\/\/hirondelles-auruou.fr\/wp-content\/uploads\/2019\/06\/Cannes-0219-5-768x432.jpg 768w, https:\/\/hirondelles-auruou.fr\/wp-content\/uploads\/2019\/06\/Cannes-0219-5.jpg 800w\" data-sizes=\"(max-width: 300px) 100vw, 300px\" src=\"data:image\/svg+xml;base64,PHN2ZyB3aWR0aD0iMSIgaGVpZ2h0PSIxIiB4bWxucz0iaHR0cDovL3d3dy53My5vcmcvMjAwMC9zdmciPjwvc3ZnPg==\" style=\"--smush-placeholder-width: 300px; --smush-placeholder-aspect-ratio: 300\/169;\" \/><\/a>\n<h4 class=\"pt-cv-title\"><a href=\"https:\/\/hirondelles-auruou.fr\/?p=175\" class=\"_self\" target=\"_self\" >Cannes F\u00e9vrier 2019<\/a><\/h4>\n<div class=\"pt-cv-content\">CANNES F\u00c9VRIER 2019 La sortie mensuelle du 19 f\u00e9vrier 2019 fut programm\u00e9e en une balade originale \u00e0 Cannes. D\u00e9part vers ...<br \/><div class=\"pt-cv-rmwrap\"><a href=\"https:\/\/hirondelles-auruou.fr\/?p=175\" class=\"_self pt-cv-readmore btn btn-success\" target=\"_self\">Lire La Suite\u2026<\/a><\/div><\/div><\/div><\/div>\n<div class=\"col-md-3 col-sm-6 col-xs-12 pt-cv-content-item pt-cv-1-col\" ><div class='pt-cv-ifield'><a href=\"https:\/\/hirondelles-auruou.fr\/?p=158\" class=\"_self pt-cv-href-thumbnail pt-cv-thumb-default\" target=\"_self\" ><img decoding=\"async\" width=\"300\" height=\"169\" data-src=\"https:\/\/hirondelles-auruou.fr\/wp-content\/uploads\/2019\/06\/Fiesta-3-300x169.jpg\" class=\"pt-cv-thumbnail lazyload\" alt=\"\" data-srcset=\"https:\/\/hirondelles-auruou.fr\/wp-content\/uploads\/2019\/06\/Fiesta-3-300x169.jpg 300w, https:\/\/hirondelles-auruou.fr\/wp-content\/uploads\/2019\/06\/Fiesta-3-768x432.jpg 768w, https:\/\/hirondelles-auruou.fr\/wp-content\/uploads\/2019\/06\/Fiesta-3.jpg 800w\" data-sizes=\"(max-width: 300px) 100vw, 300px\" src=\"data:image\/svg+xml;base64,PHN2ZyB3aWR0aD0iMSIgaGVpZ2h0PSIxIiB4bWxucz0iaHR0cDovL3d3dy53My5vcmcvMjAwMC9zdmciPjwvc3ZnPg==\" style=\"--smush-placeholder-width: 300px; --smush-placeholder-aspect-ratio: 300\/169;\" \/><\/a>\n<h4 class=\"pt-cv-title\"><a href=\"https:\/\/hirondelles-auruou.fr\/?p=158\" class=\"_self\" target=\"_self\" >Mega Fiesta Janvier 2019<\/a><\/h4>\n<div class=\"pt-cv-content\">MEGA FIESTA JANVIER 2019 Le dimanche 20 janvier 2019 se d\u00e9roulait, pour f\u00eater la Nouvelle Ann\u00e9e, une M\u00e9ga Fiesta dans ...<br \/><div class=\"pt-cv-rmwrap\"><a href=\"https:\/\/hirondelles-auruou.fr\/?p=158\" class=\"_self pt-cv-readmore btn btn-success\" target=\"_self\">Lire La Suite\u2026<\/a><\/div><\/div><\/div><\/div>\n<div class=\"col-md-3 col-sm-6 col-xs-12 pt-cv-content-item pt-cv-1-col\" ><div class='pt-cv-ifield'><a href=\"https:\/\/hirondelles-auruou.fr\/?p=134\" class=\"_self pt-cv-href-thumbnail pt-cv-thumb-default\" target=\"_self\" ><img decoding=\"async\" width=\"212\" height=\"300\" data-src=\"https:\/\/hirondelles-auruou.fr\/wp-content\/uploads\/2019\/05\/Guinguette-2019-212x300.jpg\" class=\"pt-cv-thumbnail lazyload\" alt=\"\" data-srcset=\"https:\/\/hirondelles-auruou.fr\/wp-content\/uploads\/2019\/05\/Guinguette-2019-212x300.jpg 212w, https:\/\/hirondelles-auruou.fr\/wp-content\/uploads\/2019\/05\/Guinguette-2019.jpg 566w\" data-sizes=\"(max-width: 212px) 100vw, 212px\" src=\"data:image\/svg+xml;base64,PHN2ZyB3aWR0aD0iMSIgaGVpZ2h0PSIxIiB4bWxucz0iaHR0cDovL3d3dy53My5vcmcvMjAwMC9zdmciPjwvc3ZnPg==\" style=\"--smush-placeholder-width: 212px; --smush-placeholder-aspect-ratio: 212\/300;\" \/><\/a>\n<h4 class=\"pt-cv-title\"><a href=\"https:\/\/hirondelles-auruou.fr\/?p=134\" class=\"_self\" target=\"_self\" >Guingette 2019<\/a><\/h4>\n<div class=\"pt-cv-content\">LA GUINGUETTE DE L\u2019HUVEAUNE 2019 Pr\u00e9c\u00e9dent Suivant Quand : Samedi 13 Juillet 2019 \u00e0 partir de 16h00 O\u00f9 : Auriol ...<br \/><div class=\"pt-cv-rmwrap\"><a href=\"https:\/\/hirondelles-auruou.fr\/?p=134\" class=\"_self pt-cv-readmore btn btn-success\" target=\"_self\">Lire La Suite\u2026<\/a><\/div><\/div><\/div><\/div><\/div><\/div><\/div><\/div>\n\t\t\t\t\t\t<\/div>\n\t\t\t\t<\/div>\n\t\t\t\t\t<\/div>\n\t\t<\/div>\n\t\t\t\t\t<\/div>\n\t\t<\/section>\n\t\t\t\t<\/div>\n\t\t","protected":false},"excerpt":{"rendered":"","protected":false},"author":1,"featured_media":0,"parent":0,"menu_order":0,"comment_status":"closed","ping_status":"closed","template":"","meta":{"footnotes":""},"class_list":["post-32","page","type-page","status-publish","hentry","wpbf-post"],"_links":{"self":[{"href":"https:\/\/hirondelles-auruou.fr\/index.php?rest_route=\/wp\/v2\/pages\/32","targetHints":{"allow":["GET"]}}],"collection":[{"href":"https:\/\/hirondelles-auruou.fr\/index.php?rest_route=\/wp\/v2\/pages"}],"about":[{"href":"https:\/\/hirondelles-auruou.fr\/index.php?rest_route=\/wp\/v2\/types\/page"}],"author":[{"embeddable":true,"href":"https:\/\/hirondelles-auruou.fr\/index.php?rest_route=\/wp\/v2\/users\/1"}],"replies":[{"embeddable":true,"href":"https:\/\/hirondelles-auruou.fr\/index.php?rest_route=%2Fwp%2Fv2%2Fcomments&post=32"}],"version-history":[{"count":4,"href":"https:\/\/hirondelles-auruou.fr\/index.php?rest_route=\/wp\/v2\/pages\/32\/revisions"}],"predecessor-version":[{"id":193,"href":"https:\/\/hirondelles-auruou.fr\/index.php?rest_route=\/wp\/v2\/pages\/32\/revisions\/193"}],"wp:attachment":[{"href":"https:\/\/hirondelles-auruou.fr\/index.php?rest_route=%2Fwp%2Fv2%2Fmedia&parent=32"}],"curies":[{"name":"wp","href":"https:\/\/api.w.org\/{rel}","templated":true}]}}